{"id":651,"date":"2017-06-21T10:24:22","date_gmt":"2017-06-21T08:24:22","guid":{"rendered":"http:\/\/ripossiens.fr\/?page_id=651"},"modified":"2024-01-06T10:19:36","modified_gmt":"2024-01-06T09:19:36","slug":"reglement-interieur","status":"publish","type":"page","link":"https:\/\/ripossiens.fr\/index.php\/reglement-interieur\/","title":{"rendered":"R\u00e8glement int\u00e9rieur Amicale la\u00efque des Ripossiens"},"content":{"rendered":"\t\t<div data-elementor-type=\"wp-page\" data-elementor-id=\"651\" class=\"elementor elementor-651\">\n\t\t\t\t\t\t<section class=\"elementor-section elementor-top-section elementor-element elementor-element-cc38b0a elementor-section-boxed elementor-section-height-default elementor-section-height-default\" data-id=\"cc38b0a\" data-element_type=\"section\">\n\t\t\t\t\t\t<div class=\"elementor-container elementor-column-gap-default\">\n\t\t\t\t\t<div class=\"elementor-column elementor-col-100 elementor-top-column elementor-element elementor-element-29acff6\" data-id=\"29acff6\" data-element_type=\"column\">\n\t\t\t<div class=\"elementor-widget-wrap elementor-element-populated\">\n\t\t\t\t\t\t<div class=\"elementor-element elementor-element-eb0d13f elementor-widget elementor-widget-heading\" data-id=\"eb0d13f\" data-element_type=\"widget\" data-widget_type=\"heading.default\">\n\t\t\t\t<div class=\"elementor-widget-container\">\n\t\t\t\t\t<h2 class=\"elementor-heading-title elementor-size-default\">Pr\u00e9ambule<\/h2>\t\t\t\t<\/div>\n\t\t\t\t<\/div>\n\t\t\t\t\t<\/div>\n\t\t<\/div>\n\t\t\t\t\t<\/div>\n\t\t<\/section>\n\t\t\t\t<section class=\"elementor-section elementor-top-section elementor-element elementor-element-ed55525 elementor-section-boxed elementor-section-height-default elementor-section-height-default\" data-id=\"ed55525\" data-element_type=\"section\">\n\t\t\t\t\t\t<div class=\"elementor-container elementor-column-gap-default\">\n\t\t\t\t\t<div class=\"elementor-column elementor-col-100 elementor-top-column elementor-element elementor-element-c623dd8\" data-id=\"c623dd8\" data-element_type=\"column\">\n\t\t\t<div class=\"elementor-widget-wrap elementor-element-populated\">\n\t\t\t\t\t\t<div class=\"elementor-element elementor-element-1a97aa6 elementor-widget elementor-widget-text-editor\" data-id=\"1a97aa6\" data-element_type=\"widget\" data-widget_type=\"text-editor.default\">\n\t\t\t\t<div class=\"elementor-widget-container\">\n\t\t\t\t\t\t\t\t\t<p>Le pr\u00e9sent r\u00e8glement int\u00e9rieur est le r\u00e8glement int\u00e9rieur de l\u2019Association :<br \/>AMICALE LAIQUE DES RIPOSSIENS, soumise \u00e0 la loi du 1er juillet 1901 et au d\u00e9cret du 16 ao\u00fbt 1901 dont l&rsquo;objet est le suivant :\u00a0Activit\u00e9s sportives et culturelles pour enfants et adultes du quartier. L<span style=\"color: var( --e-global-color-text ); font-family: var( --e-global-typography-text-font-family ), Sans-serif; font-weight: var( --e-global-typography-text-font-weight ); font-size: 1rem;\">e pr\u00e9sent r\u00e8glement int\u00e9rieur est destin\u00e9 \u00e0 compl\u00e9ter les statuts de l&rsquo;Association et \u00e0 en fixer les divers points non pr\u00e9cis\u00e9s, notamment ceux qui ont trait au fonctionnement des activit\u00e9s propos\u00e9es.<\/span><\/p><p>Il a \u00e9t\u00e9 \u00e9tabli par les membres du Bureau et du Conseil d\u2019Administration et amend\u00e9 en Assembl\u00e9e G\u00e9n\u00e9rale.\u00a0Le pr\u00e9sent r\u00e8glement int\u00e9rieur s&rsquo;applique \u00e0 tous les membres qui en prendront connaissance lors de leur adh\u00e9sion.<\/p><p>A noter : Par membres de l\u2019Association, on entend l\u2019ensemble des adh\u00e9rents (adultes et enfants), \u00e9lus responsable (membres du Bureau et du Conseil d\u2019Administration), parents d\u2019adh\u00e9rents et intervenants.<\/p>\t\t\t\t\t\t\t\t<\/div>\n\t\t\t\t<\/div>\n\t\t\t\t\t<\/div>\n\t\t<\/div>\n\t\t\t\t\t<\/div>\n\t\t<\/section>\n\t\t\t\t<section class=\"elementor-section elementor-top-section elementor-element elementor-element-de8de6e elementor-section-boxed elementor-section-height-default elementor-section-height-default\" data-id=\"de8de6e\" data-element_type=\"section\">\n\t\t\t\t\t\t<div class=\"elementor-container elementor-column-gap-default\">\n\t\t\t\t\t<div class=\"elementor-column elementor-col-100 elementor-top-column elementor-element elementor-element-f2dd406\" data-id=\"f2dd406\" data-element_type=\"column\">\n\t\t\t<div class=\"elementor-widget-wrap elementor-element-populated\">\n\t\t\t\t\t\t<div class=\"elementor-element elementor-element-cf0b1d7 elementor-widget elementor-widget-heading\" data-id=\"cf0b1d7\" data-element_type=\"widget\" data-widget_type=\"heading.default\">\n\t\t\t\t<div class=\"elementor-widget-container\">\n\t\t\t\t\t<h2 class=\"elementor-heading-title elementor-size-default\">Fonctionnement de l'Association<\/h2>\t\t\t\t<\/div>\n\t\t\t\t<\/div>\n\t\t\t\t\t<\/div>\n\t\t<\/div>\n\t\t\t\t\t<\/div>\n\t\t<\/section>\n\t\t\t\t<section class=\"elementor-section elementor-top-section elementor-element elementor-element-2b14edc elementor-section-boxed elementor-section-height-default elementor-section-height-default\" data-id=\"2b14edc\" data-element_type=\"section\">\n\t\t\t\t\t\t<div class=\"elementor-container elementor-column-gap-default\">\n\t\t\t\t\t<div class=\"elementor-column elementor-col-100 elementor-top-column elementor-element elementor-element-38b81db\" data-id=\"38b81db\" data-element_type=\"column\">\n\t\t\t<div class=\"elementor-widget-wrap elementor-element-populated\">\n\t\t\t\t\t\t<div class=\"elementor-element elementor-element-47bb9de elementor-widget elementor-widget-text-editor\" data-id=\"47bb9de\" data-element_type=\"widget\" data-widget_type=\"text-editor.default\">\n\t\t\t\t<div class=\"elementor-widget-container\">\n\t\t\t\t\t\t\t\t\t<p>Pour \u00eatre accueillie au sein d\u2019une activit\u00e9, une inscription doit \u00eatre effectu\u00e9e en ligne et valid\u00e9e par le paiement effectif de celle-ci.<br \/>Pour les activit\u00e9s sportives, un certificat m\u00e9dical, si n\u00e9cessaire, doit \u00eatre fourni avant le premier cours (si l&rsquo;adh\u00e9rent r\u00e9pond \u00ab\u00a0oui\u00a0\u00bb \u00e0 une ou plusieurs questions du questionnaire de sant\u00e9 lors de l&rsquo;inscription).<\/p><p>Le fonctionnement des activit\u00e9s suppose assiduit\u00e9 et ponctualit\u00e9 ; toute absence doit \u00eatre signal\u00e9e \u00e0 l\u2019intervenant ou au secr\u00e9tariat de l\u2019Amicale \u00e0 l\u2019adresse : secretairelesripossiens@gmail.com<\/p><p>Les relations sont facilit\u00e9es par un responsable de communication (parent ou participant) propos\u00e9 au sein de chaque activit\u00e9 : personne r\u00e9f\u00e9rente de l\u2019activit\u00e9.<br \/>La personne r\u00e9f\u00e9rente transmet \u00e0 l\u2019ensemble du groupe les mails envoy\u00e9s par l\u2019Amicale, et pr\u00e9vient notamment en cas d\u2019absence de l\u2019intervenant.<br \/>Pour contacter un r\u00e9f\u00e9rent, consultez la page de notre site internet.<\/p><p><b>Droit \u00e0 l\u2019image<\/b> : Sauf avis contraire \u00e9crit de votre part lors de l\u2019inscription, des photos des adh\u00e9rents prises sur les cours ou lors de manifestations sont susceptibles d\u2019\u00eatre diffus\u00e9es \u00e0 titre gratuit dans tout m\u00e9dia..<\/p>\t\t\t\t\t\t\t\t<\/div>\n\t\t\t\t<\/div>\n\t\t\t\t\t<\/div>\n\t\t<\/div>\n\t\t\t\t\t<\/div>\n\t\t<\/section>\n\t\t\t\t<section class=\"elementor-section elementor-top-section elementor-element elementor-element-9751b93 elementor-section-boxed elementor-section-height-default elementor-section-height-default\" data-id=\"9751b93\" data-element_type=\"section\">\n\t\t\t\t\t\t<div class=\"elementor-container elementor-column-gap-default\">\n\t\t\t\t\t<div class=\"elementor-column elementor-col-100 elementor-top-column elementor-element elementor-element-b0deeec\" data-id=\"b0deeec\" data-element_type=\"column\">\n\t\t\t<div class=\"elementor-widget-wrap elementor-element-populated\">\n\t\t\t\t\t\t<div class=\"elementor-element elementor-element-c488d5d elementor-widget elementor-widget-heading\" data-id=\"c488d5d\" data-element_type=\"widget\" data-widget_type=\"heading.default\">\n\t\t\t\t<div class=\"elementor-widget-container\">\n\t\t\t\t\t<h2 class=\"elementor-heading-title elementor-size-default\">S\u00e9curit\u00e9<\/h2>\t\t\t\t<\/div>\n\t\t\t\t<\/div>\n\t\t\t\t\t<\/div>\n\t\t<\/div>\n\t\t\t\t\t<\/div>\n\t\t<\/section>\n\t\t\t\t<section class=\"elementor-section elementor-top-section elementor-element elementor-element-5dfccfc elementor-section-boxed elementor-section-height-default elementor-section-height-default\" data-id=\"5dfccfc\" data-element_type=\"section\">\n\t\t\t\t\t\t<div class=\"elementor-container elementor-column-gap-default\">\n\t\t\t\t\t<div class=\"elementor-column elementor-col-100 elementor-top-column elementor-element elementor-element-4fb2bda\" data-id=\"4fb2bda\" data-element_type=\"column\">\n\t\t\t<div class=\"elementor-widget-wrap elementor-element-populated\">\n\t\t\t\t\t\t<div class=\"elementor-element elementor-element-65553a0 elementor-widget elementor-widget-text-editor\" data-id=\"65553a0\" data-element_type=\"widget\" data-widget_type=\"text-editor.default\">\n\t\t\t\t<div class=\"elementor-widget-container\">\n\t\t\t\t\t\t\t\t\t<p>Except\u00e9 en acc\u00e8s direct apr\u00e8s le temps p\u00e9riscolaire, les parents doivent s\u2019assurer de la pr\u00e9sence de l\u2019intervenant responsable, et, dans le cas contraire, attendre son arriv\u00e9e avant de laisser leur enfant \u00e0 l\u2019activit\u00e9.<br \/>L\u2019entr\u00e9e dans la salle s\u2019effectue uniquement en pr\u00e9sence de l\u2019intervenant.<br \/>L\u2019Amicale et les intervenants se d\u00e9gagent de toute responsabilit\u00e9 d\u00e8s la fin des cours de l\u2019activit\u00e9.<br \/>Seule une autorisation expresse des parents par mail au secr\u00e9tariat ou via la personne-r\u00e9f\u00e9rente de l\u2019activit\u00e9 peut justifier qu\u2019un enfant quitte son activit\u00e9 avant l\u2019heure de fin convenue, ou sans adulte responsable.<\/p>\t\t\t\t\t\t\t\t<\/div>\n\t\t\t\t<\/div>\n\t\t\t\t\t<\/div>\n\t\t<\/div>\n\t\t\t\t\t<\/div>\n\t\t<\/section>\n\t\t\t\t<section class=\"elementor-section elementor-top-section elementor-element elementor-element-ea05be5 elementor-section-boxed elementor-section-height-default elementor-section-height-default\" data-id=\"ea05be5\" data-element_type=\"section\">\n\t\t\t\t\t\t<div class=\"elementor-container elementor-column-gap-default\">\n\t\t\t\t\t<div class=\"elementor-column elementor-col-100 elementor-top-column elementor-element elementor-element-8b95240\" data-id=\"8b95240\" data-element_type=\"column\">\n\t\t\t<div class=\"elementor-widget-wrap elementor-element-populated\">\n\t\t\t\t\t\t<div class=\"elementor-element elementor-element-c121218 elementor-widget elementor-widget-heading\" data-id=\"c121218\" data-element_type=\"widget\" data-widget_type=\"heading.default\">\n\t\t\t\t<div class=\"elementor-widget-container\">\n\t\t\t\t\t<h2 class=\"elementor-heading-title elementor-size-default\">Annulation des activit\u00e9s<\/h2>\t\t\t\t<\/div>\n\t\t\t\t<\/div>\n\t\t\t\t\t<\/div>\n\t\t<\/div>\n\t\t\t\t\t<\/div>\n\t\t<\/section>\n\t\t\t\t<section class=\"elementor-section elementor-top-section elementor-element elementor-element-77dcb17 elementor-section-boxed elementor-section-height-default elementor-section-height-default\" data-id=\"77dcb17\" data-element_type=\"section\">\n\t\t\t\t\t\t<div class=\"elementor-container elementor-column-gap-default\">\n\t\t\t\t\t<div class=\"elementor-column elementor-col-100 elementor-top-column elementor-element elementor-element-7ae4ed9\" data-id=\"7ae4ed9\" data-element_type=\"column\">\n\t\t\t<div class=\"elementor-widget-wrap elementor-element-populated\">\n\t\t\t\t\t\t<div class=\"elementor-element elementor-element-b79099d elementor-widget elementor-widget-text-editor\" data-id=\"b79099d\" data-element_type=\"widget\" data-widget_type=\"text-editor.default\">\n\t\t\t\t<div class=\"elementor-widget-container\">\n\t\t\t\t\t\t\t\t\t<p>Si le nombre des participants \u00e0 une activit\u00e9 n\u2019est pas suffisant, l\u2019Amicale La\u00efque des Ripossiens se r\u00e9serve la possibilit\u00e9 d\u2019annuler cette activit\u00e9. Les inscrits en seront inform\u00e9s dans les meilleurs d\u00e9lais et le montant de l\u2019activit\u00e9 sera restitu\u00e9.<\/p>\t\t\t\t\t\t\t\t<\/div>\n\t\t\t\t<\/div>\n\t\t\t\t\t<\/div>\n\t\t<\/div>\n\t\t\t\t\t<\/div>\n\t\t<\/section>\n\t\t\t\t<section class=\"elementor-section elementor-top-section elementor-element elementor-element-d7b1852 elementor-section-boxed elementor-section-height-default elementor-section-height-default\" data-id=\"d7b1852\" data-element_type=\"section\">\n\t\t\t\t\t\t<div class=\"elementor-container elementor-column-gap-default\">\n\t\t\t\t\t<div class=\"elementor-column elementor-col-100 elementor-top-column elementor-element elementor-element-c010694\" data-id=\"c010694\" data-element_type=\"column\">\n\t\t\t<div class=\"elementor-widget-wrap elementor-element-populated\">\n\t\t\t\t\t\t<div class=\"elementor-element elementor-element-57d3b4d elementor-widget elementor-widget-heading\" data-id=\"57d3b4d\" data-element_type=\"widget\" data-widget_type=\"heading.default\">\n\t\t\t\t<div class=\"elementor-widget-container\">\n\t\t\t\t\t<h2 class=\"elementor-heading-title elementor-size-default\">Remboursements<\/h2>\t\t\t\t<\/div>\n\t\t\t\t<\/div>\n\t\t\t\t\t<\/div>\n\t\t<\/div>\n\t\t\t\t\t<\/div>\n\t\t<\/section>\n\t\t\t\t<section class=\"elementor-section elementor-top-section elementor-element elementor-element-9a9e7ed elementor-section-boxed elementor-section-height-default elementor-section-height-default\" data-id=\"9a9e7ed\" data-element_type=\"section\">\n\t\t\t\t\t\t<div class=\"elementor-container elementor-column-gap-default\">\n\t\t\t\t\t<div class=\"elementor-column elementor-col-100 elementor-top-column elementor-element elementor-element-29c093c\" data-id=\"29c093c\" data-element_type=\"column\">\n\t\t\t<div class=\"elementor-widget-wrap elementor-element-populated\">\n\t\t\t\t\t\t<div class=\"elementor-element elementor-element-f19e628 elementor-widget elementor-widget-text-editor\" data-id=\"f19e628\" data-element_type=\"widget\" data-widget_type=\"text-editor.default\">\n\t\t\t\t<div class=\"elementor-widget-container\">\n\t\t\t\t\t\t\t\t\t<p><span style=\"font-weight: bold;\">Avant le d\u00e9but des cours<\/span>\u00a0: Les sommes vers\u00e9es correspondant au montant de l\u2019adh\u00e9sion \u00e0 l\u2019Association restent quoi qu\u2019il arrive non remboursables, garantissant une fonction d\u2019adh\u00e9rent aux membres pendant toute l\u2019ann\u00e9e scolaire en cours. De plus,\u00a0<span style=\"color: var( --e-global-color-text ); font-family: var( --e-global-typography-text-font-family ), Sans-serif; font-size: 1rem; font-weight: var( --e-global-typography-text-font-weight );\"><span style=\"font-weight: bold;\">reste acquis \u00e0 l\u2019Amicale La\u00efque des Ripossiens 50% de la cotisation<\/span>\u00a0<span style=\"font-weight: bold;\">per\u00e7ue.<\/span><\/span><\/p><p>En<strong> cours d\u2019ann\u00e9e<\/strong> : La souscription aux activit\u00e9s payantes \u00e9tant annuelle, <strong>aucun remboursement ni restitution ne seront effectu\u00e9s en cas d\u2019absence, de d\u00e9sistement ou de fermeture des activit\u00e9s<\/strong> ind\u00e9pendante de la volont\u00e9 de l\u2019Amicale La\u00efque des Ripossiens.<br \/>Des cas tr\u00e8s exceptionnels, pourront \u00eatre \u00e9tudi\u00e9s par le Conseil d\u2019Administration, sans garantie de remboursement, \u00e0 condition d\u2019\u00eatre d\u00fbment justifi\u00e9s.<br \/>L\u2019Amicale La\u00efque est en effet une Association \u00e0 but non lucratif. Les cotisations des adh\u00e9rents sont calcul\u00e9es au plus juste, en fonction du nombre d\u2019inscrits, et pour permettre \u00e0 tous d\u2019acc\u00e9der aux meilleurs tarifs possibles.<\/p>\t\t\t\t\t\t\t\t<\/div>\n\t\t\t\t<\/div>\n\t\t\t\t\t<\/div>\n\t\t<\/div>\n\t\t\t\t\t<\/div>\n\t\t<\/section>\n\t\t\t\t<section class=\"elementor-section elementor-top-section elementor-element elementor-element-8cc1f30 elementor-section-boxed elementor-section-height-default elementor-section-height-default\" data-id=\"8cc1f30\" data-element_type=\"section\">\n\t\t\t\t\t\t<div class=\"elementor-container elementor-column-gap-default\">\n\t\t\t\t\t<div class=\"elementor-column elementor-col-100 elementor-top-column elementor-element elementor-element-248902b\" data-id=\"248902b\" data-element_type=\"column\">\n\t\t\t<div class=\"elementor-widget-wrap elementor-element-populated\">\n\t\t\t\t\t\t<div class=\"elementor-element elementor-element-f5f79ed elementor-widget elementor-widget-heading\" data-id=\"f5f79ed\" data-element_type=\"widget\" data-widget_type=\"heading.default\">\n\t\t\t\t<div class=\"elementor-widget-container\">\n\t\t\t\t\t<h2 class=\"elementor-heading-title elementor-size-default\">P\u00e9riode des cours<\/h2>\t\t\t\t<\/div>\n\t\t\t\t<\/div>\n\t\t\t\t\t<\/div>\n\t\t<\/div>\n\t\t\t\t\t<\/div>\n\t\t<\/section>\n\t\t\t\t<section class=\"elementor-section elementor-top-section elementor-element elementor-element-8d3084d elementor-section-boxed elementor-section-height-default elementor-section-height-default\" data-id=\"8d3084d\" data-element_type=\"section\">\n\t\t\t\t\t\t<div class=\"elementor-container elementor-column-gap-default\">\n\t\t\t\t\t<div class=\"elementor-column elementor-col-100 elementor-top-column elementor-element elementor-element-440b827\" data-id=\"440b827\" data-element_type=\"column\">\n\t\t\t<div class=\"elementor-widget-wrap elementor-element-populated\">\n\t\t\t\t\t\t<div class=\"elementor-element elementor-element-8d6200f elementor-widget elementor-widget-text-editor\" data-id=\"8d6200f\" data-element_type=\"widget\" data-widget_type=\"text-editor.default\">\n\t\t\t\t<div class=\"elementor-widget-container\">\n\t\t\t\t\t\t\t\t\t<p>Les activit\u00e9s commencent en septembre et finissent en juin. Il n\u2019y a pas de cours pendant les vacances scolaires, ni les jours f\u00e9ri\u00e9s.<\/p>\t\t\t\t\t\t\t\t<\/div>\n\t\t\t\t<\/div>\n\t\t\t\t\t<\/div>\n\t\t<\/div>\n\t\t\t\t\t<\/div>\n\t\t<\/section>\n\t\t\t\t<section class=\"elementor-section elementor-top-section elementor-element elementor-element-225effc elementor-section-boxed elementor-section-height-default elementor-section-height-default\" data-id=\"225effc\" data-element_type=\"section\">\n\t\t\t\t\t\t<div class=\"elementor-container elementor-column-gap-default\">\n\t\t\t\t\t<div class=\"elementor-column elementor-col-100 elementor-top-column elementor-element elementor-element-55aacbf\" data-id=\"55aacbf\" data-element_type=\"column\">\n\t\t\t<div class=\"elementor-widget-wrap elementor-element-populated\">\n\t\t\t\t\t\t<div class=\"elementor-element elementor-element-963227b elementor-widget elementor-widget-heading\" data-id=\"963227b\" data-element_type=\"widget\" data-widget_type=\"heading.default\">\n\t\t\t\t<div class=\"elementor-widget-container\">\n\t\t\t\t\t<h2 class=\"elementor-heading-title elementor-size-default\">Assembl\u00e9e g\u00e9n\u00e9rale<\/h2>\t\t\t\t<\/div>\n\t\t\t\t<\/div>\n\t\t\t\t\t<\/div>\n\t\t<\/div>\n\t\t\t\t\t<\/div>\n\t\t<\/section>\n\t\t\t\t<section class=\"elementor-section elementor-top-section elementor-element elementor-element-7bb6474 elementor-section-boxed elementor-section-height-default elementor-section-height-default\" data-id=\"7bb6474\" data-element_type=\"section\">\n\t\t\t\t\t\t<div class=\"elementor-container elementor-column-gap-default\">\n\t\t\t\t\t<div class=\"elementor-column elementor-col-100 elementor-top-column elementor-element elementor-element-d06ce67\" data-id=\"d06ce67\" data-element_type=\"column\">\n\t\t\t<div class=\"elementor-widget-wrap elementor-element-populated\">\n\t\t\t\t\t\t<div class=\"elementor-element elementor-element-6e339da elementor-widget elementor-widget-text-editor\" data-id=\"6e339da\" data-element_type=\"widget\" data-widget_type=\"text-editor.default\">\n\t\t\t\t<div class=\"elementor-widget-container\">\n\t\t\t\t\t\t\t\t\t<p>Chaque ann\u00e9e se tient une Assembl\u00e9e G\u00e9n\u00e9rale de l\u2019Amicale pendant laquelle :<\/p>\n<ul>\n<li>sont expos\u00e9s les bilans de l\u2019ann\u00e9e \u00e9coul\u00e9e.<\/li>\n<li>sont d\u00e9battues id\u00e9es, suggestions, critiques et propositions de tous.<br>Tout adh\u00e9rent, \u00e0 partir de 16 ans, a le droit de vote et peut pr\u00e9senter sa candidature au Conseil d\u2019Administration de l\u2019Amicale La\u00efque des Ripossiens.<br><br>Chaque adh\u00e9rent se doit d\u2019\u00eatre pr\u00e9sent ou de donner procuration \u00e0 une personne de son choix pour cette Assembl\u00e9e G\u00e9n\u00e9rale.<\/li>\n<\/ul>\t\t\t\t\t\t\t\t<\/div>\n\t\t\t\t<\/div>\n\t\t\t\t\t<\/div>\n\t\t<\/div>\n\t\t\t\t\t<\/div>\n\t\t<\/section>\n\t\t\t\t<section class=\"elementor-section elementor-top-section elementor-element elementor-element-d4a604e elementor-section-boxed elementor-section-height-default elementor-section-height-default\" data-id=\"d4a604e\" data-element_type=\"section\">\n\t\t\t\t\t\t<div class=\"elementor-container elementor-column-gap-default\">\n\t\t\t\t\t<div class=\"elementor-column elementor-col-100 elementor-top-column elementor-element elementor-element-0b12496\" data-id=\"0b12496\" data-element_type=\"column\">\n\t\t\t<div class=\"elementor-widget-wrap elementor-element-populated\">\n\t\t\t\t\t\t<div class=\"elementor-element elementor-element-9cd265e elementor-widget elementor-widget-heading\" data-id=\"9cd265e\" data-element_type=\"widget\" data-widget_type=\"heading.default\">\n\t\t\t\t<div class=\"elementor-widget-container\">\n\t\t\t\t\t<h2 class=\"elementor-heading-title elementor-size-default\">D\u00e9ontologie et savoir-vivre<\/h2>\t\t\t\t<\/div>\n\t\t\t\t<\/div>\n\t\t\t\t\t<\/div>\n\t\t<\/div>\n\t\t\t\t\t<\/div>\n\t\t<\/section>\n\t\t\t\t<section class=\"elementor-section elementor-top-section elementor-element elementor-element-248efbc elementor-section-boxed elementor-section-height-default elementor-section-height-default\" data-id=\"248efbc\" data-element_type=\"section\">\n\t\t\t\t\t\t<div class=\"elementor-container elementor-column-gap-default\">\n\t\t\t\t\t<div class=\"elementor-column elementor-col-100 elementor-top-column elementor-element elementor-element-643637b\" data-id=\"643637b\" data-element_type=\"column\">\n\t\t\t<div class=\"elementor-widget-wrap elementor-element-populated\">\n\t\t\t\t\t\t<div class=\"elementor-element elementor-element-0e4d8df elementor-widget elementor-widget-text-editor\" data-id=\"0e4d8df\" data-element_type=\"widget\" data-widget_type=\"text-editor.default\">\n\t\t\t\t<div class=\"elementor-widget-container\">\n\t\t\t\t\t\t\t\t\t<p>Toutes les activit\u00e9s de l&rsquo;association doivent se pratiquer dans un esprit d&rsquo;ouverture, de tol\u00e9rance et de respect. Tout comportement contraire \u00e0 l&rsquo;\u00e9thique et aux valeurs de l&rsquo;association ne sera pas tol\u00e9r\u00e9.<br \/>Par ailleurs, il ne doit pas \u00eatre fait \u00e9tat de religion, de politique ou de discrimination, quelle qu&rsquo;elle soit. Les membres s&rsquo;engagent \u00e0 demeurer mod\u00e9r\u00e9s et neutres sur le plan politique, philosophique ou religieux, et \u00e0 ne pas faire \u00e9tat de leurs pr\u00e9f\u00e9rences, croyances et id\u00e9ologies.<\/p>\t\t\t\t\t\t\t\t<\/div>\n\t\t\t\t<\/div>\n\t\t\t\t\t<\/div>\n\t\t<\/div>\n\t\t\t\t\t<\/div>\n\t\t<\/section>\n\t\t\t\t<section class=\"elementor-section elementor-top-section elementor-element elementor-element-f6886bb elementor-section-boxed elementor-section-height-default elementor-section-height-default\" data-id=\"f6886bb\" data-element_type=\"section\">\n\t\t\t\t\t\t<div class=\"elementor-container elementor-column-gap-default\">\n\t\t\t\t\t<div class=\"elementor-column elementor-col-100 elementor-top-column elementor-element elementor-element-a61fc0b\" data-id=\"a61fc0b\" data-element_type=\"column\">\n\t\t\t<div class=\"elementor-widget-wrap elementor-element-populated\">\n\t\t\t\t\t\t<div class=\"elementor-element elementor-element-546511b elementor-widget elementor-widget-heading\" data-id=\"546511b\" data-element_type=\"widget\" data-widget_type=\"heading.default\">\n\t\t\t\t<div class=\"elementor-widget-container\">\n\t\t\t\t\t<h2 class=\"elementor-heading-title elementor-size-default\">Confidentialit\u00e9<\/h2>\t\t\t\t<\/div>\n\t\t\t\t<\/div>\n\t\t\t\t\t<\/div>\n\t\t<\/div>\n\t\t\t\t\t<\/div>\n\t\t<\/section>\n\t\t\t\t<section class=\"elementor-section elementor-top-section elementor-element elementor-element-c2390eb elementor-section-boxed elementor-section-height-default elementor-section-height-default\" data-id=\"c2390eb\" data-element_type=\"section\">\n\t\t\t\t\t\t<div class=\"elementor-container elementor-column-gap-default\">\n\t\t\t\t\t<div class=\"elementor-column elementor-col-100 elementor-top-column elementor-element elementor-element-f24268c\" data-id=\"f24268c\" data-element_type=\"column\">\n\t\t\t<div class=\"elementor-widget-wrap elementor-element-populated\">\n\t\t\t\t\t\t<div class=\"elementor-element elementor-element-d40a7a1 elementor-widget elementor-widget-text-editor\" data-id=\"d40a7a1\" data-element_type=\"widget\" data-widget_type=\"text-editor.default\">\n\t\t\t\t<div class=\"elementor-widget-container\">\n\t\t\t\t\t\t\t\t\t<p>La liste de l&rsquo;ensemble des membres de l&rsquo;association est strictement confidentielle.<br \/>Tout membre de l&rsquo;association s&rsquo;engage \u00e0 ne pas divulguer \u00e0 autrui les coordonn\u00e9es et informations personnelles des autres membres de l&rsquo;association, qu&rsquo;il a connus par le biais de son adh\u00e9sion \u00e0 l&rsquo;association.<br \/>L&rsquo;association s&rsquo;engage par ailleurs \u00e0 respecter la charte de la Commission nationale de l&rsquo;Informatique et des Libert\u00e9s (CNIL). Le fichier des membres de l&rsquo;association ne pourra \u00eatre communiqu\u00e9 \u00e0 quelconque personne \u00e9trang\u00e8re ou entreprise en faisant la demande. Ce fichier, comprenant les informations recueillies aupr\u00e8s des membres n\u00e9cessaires pour l&rsquo;adh\u00e9sion \u00e0 l&rsquo;association, peut donner lieu \u00e0 l&rsquo;exercice du droit d&rsquo;acc\u00e8s et de rectification des donn\u00e9es par chaque membre, selon les dispositions de la loi n\u00b078-17 du 6 janvier 1978 relative \u00e0 l&rsquo;informatique, aux fichiers et aux libert\u00e9s..<\/p>\t\t\t\t\t\t\t\t<\/div>\n\t\t\t\t<\/div>\n\t\t\t\t\t<\/div>\n\t\t<\/div>\n\t\t\t\t\t<\/div>\n\t\t<\/section>\n\t\t\t\t<section class=\"elementor-section elementor-top-section elementor-element elementor-element-2fc0560 elementor-section-boxed elementor-section-height-default elementor-section-height-default\" data-id=\"2fc0560\" data-element_type=\"section\">\n\t\t\t\t\t\t<div class=\"elementor-container elementor-column-gap-default\">\n\t\t\t\t\t<div class=\"elementor-column elementor-col-100 elementor-top-column elementor-element elementor-element-bda2668\" data-id=\"bda2668\" data-element_type=\"column\">\n\t\t\t<div class=\"elementor-widget-wrap elementor-element-populated\">\n\t\t\t\t\t\t<div class=\"elementor-element elementor-element-2a68f4b elementor-widget elementor-widget-heading\" data-id=\"2a68f4b\" data-element_type=\"widget\" data-widget_type=\"heading.default\">\n\t\t\t\t<div class=\"elementor-widget-container\">\n\t\t\t\t\t<h2 class=\"elementor-heading-title elementor-size-default\">Modification du r\u00e8glement int\u00e9rieur<\/h2>\t\t\t\t<\/div>\n\t\t\t\t<\/div>\n\t\t\t\t\t<\/div>\n\t\t<\/div>\n\t\t\t\t\t<\/div>\n\t\t<\/section>\n\t\t\t\t<section class=\"elementor-section elementor-top-section elementor-element elementor-element-27edc4c elementor-section-boxed elementor-section-height-default elementor-section-height-default\" data-id=\"27edc4c\" data-element_type=\"section\">\n\t\t\t\t\t\t<div class=\"elementor-container elementor-column-gap-default\">\n\t\t\t\t\t<div class=\"elementor-column elementor-col-100 elementor-top-column elementor-element elementor-element-f4bcb3f\" data-id=\"f4bcb3f\" data-element_type=\"column\">\n\t\t\t<div class=\"elementor-widget-wrap elementor-element-populated\">\n\t\t\t\t\t\t<div class=\"elementor-element elementor-element-5ad81a0 elementor-widget elementor-widget-text-editor\" data-id=\"5ad81a0\" data-element_type=\"widget\" data-widget_type=\"text-editor.default\">\n\t\t\t\t<div class=\"elementor-widget-container\">\n\t\t\t\t\t\t\t\t\t<p>Le pr\u00e9sent r\u00e8glement int\u00e9rieur pourra \u00eatre modifi\u00e9 par le conseil d\u2019Administration ou par l\u2019assembl\u00e9e g\u00e9n\u00e9rale.<\/p><p>Il a \u00e9t\u00e9 ratifi\u00e9 au Conseil d\u2019Administration du 5 Juin 2023.<\/p>\t\t\t\t\t\t\t\t<\/div>\n\t\t\t\t<\/div>\n\t\t\t\t\t<\/div>\n\t\t<\/div>\n\t\t\t\t\t<\/div>\n\t\t<\/section>\n\t\t\t\t<\/div>\n\t\t","protected":false},"excerpt":{"rendered":"<p>Pr\u00e9ambule Le pr\u00e9sent r\u00e8glement int\u00e9rieur est le r\u00e8glement int\u00e9rieur de l\u2019Association :AMICALE LAIQUE DES RIPOSSIENS, soumise \u00e0 la loi du 1er juillet 1901 et au d\u00e9cret du 16 ao\u00fbt 1901 dont l&rsquo;objet est le suivant :\u00a0Activit\u00e9s sportives et culturelles pour enfants et adultes du quartier. Le pr\u00e9sent r\u00e8glement int\u00e9rieur est destin\u00e9 \u00e0 compl\u00e9ter les statuts &hellip; <a href=\"https:\/\/ripossiens.fr\/index.php\/reglement-interieur\/\" class=\"more-link\">Continuer la lecture<span class=\"screen-reader-text\"> de &laquo;&nbsp;R\u00e8glement int\u00e9rieur Amicale la\u00efque des Ripossiens&nbsp;&raquo;<\/span><\/a><\/p>\n","protected":false},"author":1,"featured_media":0,"parent":0,"menu_order":0,"comment_status":"closed","ping_status":"closed","template":"","meta":{"footnotes":""},"class_list":["post-651","page","type-page","status-publish","hentry"],"yoast_head":"<!-- This site is optimized with the Yoast SEO plugin v26.7 - https:\/\/yoast.com\/wordpress\/plugins\/seo\/ -->\n<title>R\u00e8glement int\u00e9rieur Amicale la\u00efque des Ripossiens - Les Ripossiens<\/title>\n<meta name=\"robots\" content=\"index, follow, max-snippet:-1, max-image-preview:large, max-video-preview:-1\" \/>\n<link rel=\"canonical\" href=\"https:\/\/ripossiens.fr\/index.php\/reglement-interieur\/\" \/>\n<meta property=\"og:locale\" content=\"fr_FR\" \/>\n<meta property=\"og:type\" content=\"article\" \/>\n<meta property=\"og:title\" content=\"R\u00e8glement int\u00e9rieur Amicale la\u00efque des Ripossiens - Les Ripossiens\" \/>\n<meta property=\"og:description\" content=\"Pr\u00e9ambule Le pr\u00e9sent r\u00e8glement int\u00e9rieur est le r\u00e8glement int\u00e9rieur de l\u2019Association :AMICALE LAIQUE DES RIPOSSIENS, soumise \u00e0 la loi du 1er juillet 1901 et au d\u00e9cret du 16 ao\u00fbt 1901 dont l&rsquo;objet est le suivant :\u00a0Activit\u00e9s sportives et culturelles pour enfants et adultes du quartier. Le pr\u00e9sent r\u00e8glement int\u00e9rieur est destin\u00e9 \u00e0 compl\u00e9ter les statuts &hellip; Continuer la lecture de &laquo;&nbsp;R\u00e8glement int\u00e9rieur Amicale la\u00efque des Ripossiens&nbsp;&raquo;\" \/>\n<meta property=\"og:url\" content=\"https:\/\/ripossiens.fr\/index.php\/reglement-interieur\/\" \/>\n<meta property=\"og:site_name\" content=\"Les Ripossiens\" \/>\n<meta property=\"article:publisher\" content=\"https:\/\/www.facebook.com\/Ripossiens\/?locale=fr_FR\" \/>\n<meta property=\"article:modified_time\" content=\"2024-01-06T09:19:36+00:00\" \/>\n<meta name=\"twitter:card\" content=\"summary_large_image\" \/>\n<meta name=\"twitter:label1\" content=\"Dur\u00e9e de lecture estim\u00e9e\" \/>\n\t<meta name=\"twitter:data1\" content=\"5 minutes\" \/>\n<script type=\"application\/ld+json\" class=\"yoast-schema-graph\">{\"@context\":\"https:\/\/schema.org\",\"@graph\":[{\"@type\":\"WebPage\",\"@id\":\"https:\/\/ripossiens.fr\/index.php\/reglement-interieur\/\",\"url\":\"https:\/\/ripossiens.fr\/index.php\/reglement-interieur\/\",\"name\":\"R\u00e8glement int\u00e9rieur Amicale la\u00efque des Ripossiens - Les Ripossiens\",\"isPartOf\":{\"@id\":\"https:\/\/ripossiens.fr\/#website\"},\"datePublished\":\"2017-06-21T08:24:22+00:00\",\"dateModified\":\"2024-01-06T09:19:36+00:00\",\"breadcrumb\":{\"@id\":\"https:\/\/ripossiens.fr\/index.php\/reglement-interieur\/#breadcrumb\"},\"inLanguage\":\"fr-FR\",\"potentialAction\":[{\"@type\":\"ReadAction\",\"target\":[\"https:\/\/ripossiens.fr\/index.php\/reglement-interieur\/\"]}]},{\"@type\":\"BreadcrumbList\",\"@id\":\"https:\/\/ripossiens.fr\/index.php\/reglement-interieur\/#breadcrumb\",\"itemListElement\":[{\"@type\":\"ListItem\",\"position\":1,\"name\":\"Accueil\",\"item\":\"https:\/\/ripossiens.fr\/\"},{\"@type\":\"ListItem\",\"position\":2,\"name\":\"R\u00e8glement int\u00e9rieur Amicale la\u00efque des Ripossiens\"}]},{\"@type\":\"WebSite\",\"@id\":\"https:\/\/ripossiens.fr\/#website\",\"url\":\"https:\/\/ripossiens.fr\/\",\"name\":\"Les Ripossiens\",\"description\":\"Amicale la\u00efque - Nantes Sud\",\"publisher\":{\"@id\":\"https:\/\/ripossiens.fr\/#organization\"},\"potentialAction\":[{\"@type\":\"SearchAction\",\"target\":{\"@type\":\"EntryPoint\",\"urlTemplate\":\"https:\/\/ripossiens.fr\/?s={search_term_string}\"},\"query-input\":{\"@type\":\"PropertyValueSpecification\",\"valueRequired\":true,\"valueName\":\"search_term_string\"}}],\"inLanguage\":\"fr-FR\"},{\"@type\":\"Organization\",\"@id\":\"https:\/\/ripossiens.fr\/#organization\",\"name\":\"Amicale La\u00efque Les Ripossiens\",\"url\":\"https:\/\/ripossiens.fr\/\",\"logo\":{\"@type\":\"ImageObject\",\"inLanguage\":\"fr-FR\",\"@id\":\"https:\/\/ripossiens.fr\/#\/schema\/logo\/image\/\",\"url\":\"https:\/\/ripossiens.fr\/wp-content\/uploads\/2024\/05\/Logo-Amicale-HD.jpg\",\"contentUrl\":\"https:\/\/ripossiens.fr\/wp-content\/uploads\/2024\/05\/Logo-Amicale-HD.jpg\",\"width\":1000,\"height\":915,\"caption\":\"Amicale La\u00efque Les Ripossiens\"},\"image\":{\"@id\":\"https:\/\/ripossiens.fr\/#\/schema\/logo\/image\/\"},\"sameAs\":[\"https:\/\/www.facebook.com\/Ripossiens\/?locale=fr_FR\"]}]}<\/script>\n<!-- \/ Yoast SEO plugin. -->","yoast_head_json":{"title":"R\u00e8glement int\u00e9rieur Amicale la\u00efque des Ripossiens - Les Ripossiens","robots":{"index":"index","follow":"follow","max-snippet":"max-snippet:-1","max-image-preview":"max-image-preview:large","max-video-preview":"max-video-preview:-1"},"canonical":"https:\/\/ripossiens.fr\/index.php\/reglement-interieur\/","og_locale":"fr_FR","og_type":"article","og_title":"R\u00e8glement int\u00e9rieur Amicale la\u00efque des Ripossiens - Les Ripossiens","og_description":"Pr\u00e9ambule Le pr\u00e9sent r\u00e8glement int\u00e9rieur est le r\u00e8glement int\u00e9rieur de l\u2019Association :AMICALE LAIQUE DES RIPOSSIENS, soumise \u00e0 la loi du 1er juillet 1901 et au d\u00e9cret du 16 ao\u00fbt 1901 dont l&rsquo;objet est le suivant :\u00a0Activit\u00e9s sportives et culturelles pour enfants et adultes du quartier. Le pr\u00e9sent r\u00e8glement int\u00e9rieur est destin\u00e9 \u00e0 compl\u00e9ter les statuts &hellip; Continuer la lecture de &laquo;&nbsp;R\u00e8glement int\u00e9rieur Amicale la\u00efque des Ripossiens&nbsp;&raquo;","og_url":"https:\/\/ripossiens.fr\/index.php\/reglement-interieur\/","og_site_name":"Les Ripossiens","article_publisher":"https:\/\/www.facebook.com\/Ripossiens\/?locale=fr_FR","article_modified_time":"2024-01-06T09:19:36+00:00","twitter_card":"summary_large_image","twitter_misc":{"Dur\u00e9e de lecture estim\u00e9e":"5 minutes"},"schema":{"@context":"https:\/\/schema.org","@graph":[{"@type":"WebPage","@id":"https:\/\/ripossiens.fr\/index.php\/reglement-interieur\/","url":"https:\/\/ripossiens.fr\/index.php\/reglement-interieur\/","name":"R\u00e8glement int\u00e9rieur Amicale la\u00efque des Ripossiens - Les Ripossiens","isPartOf":{"@id":"https:\/\/ripossiens.fr\/#website"},"datePublished":"2017-06-21T08:24:22+00:00","dateModified":"2024-01-06T09:19:36+00:00","breadcrumb":{"@id":"https:\/\/ripossiens.fr\/index.php\/reglement-interieur\/#breadcrumb"},"inLanguage":"fr-FR","potentialAction":[{"@type":"ReadAction","target":["https:\/\/ripossiens.fr\/index.php\/reglement-interieur\/"]}]},{"@type":"BreadcrumbList","@id":"https:\/\/ripossiens.fr\/index.php\/reglement-interieur\/#breadcrumb","itemListElement":[{"@type":"ListItem","position":1,"name":"Accueil","item":"https:\/\/ripossiens.fr\/"},{"@type":"ListItem","position":2,"name":"R\u00e8glement int\u00e9rieur Amicale la\u00efque des Ripossiens"}]},{"@type":"WebSite","@id":"https:\/\/ripossiens.fr\/#website","url":"https:\/\/ripossiens.fr\/","name":"Les Ripossiens","description":"Amicale la\u00efque - Nantes Sud","publisher":{"@id":"https:\/\/ripossiens.fr\/#organization"},"potentialAction":[{"@type":"SearchAction","target":{"@type":"EntryPoint","urlTemplate":"https:\/\/ripossiens.fr\/?s={search_term_string}"},"query-input":{"@type":"PropertyValueSpecification","valueRequired":true,"valueName":"search_term_string"}}],"inLanguage":"fr-FR"},{"@type":"Organization","@id":"https:\/\/ripossiens.fr\/#organization","name":"Amicale La\u00efque Les Ripossiens","url":"https:\/\/ripossiens.fr\/","logo":{"@type":"ImageObject","inLanguage":"fr-FR","@id":"https:\/\/ripossiens.fr\/#\/schema\/logo\/image\/","url":"https:\/\/ripossiens.fr\/wp-content\/uploads\/2024\/05\/Logo-Amicale-HD.jpg","contentUrl":"https:\/\/ripossiens.fr\/wp-content\/uploads\/2024\/05\/Logo-Amicale-HD.jpg","width":1000,"height":915,"caption":"Amicale La\u00efque Les Ripossiens"},"image":{"@id":"https:\/\/ripossiens.fr\/#\/schema\/logo\/image\/"},"sameAs":["https:\/\/www.facebook.com\/Ripossiens\/?locale=fr_FR"]}]}},"_links":{"self":[{"href":"https:\/\/ripossiens.fr\/index.php\/wp-json\/wp\/v2\/pages\/651","targetHints":{"allow":["GET"]}}],"collection":[{"href":"https:\/\/ripossiens.fr\/index.php\/wp-json\/wp\/v2\/pages"}],"about":[{"href":"https:\/\/ripossiens.fr\/index.php\/wp-json\/wp\/v2\/types\/page"}],"author":[{"embeddable":true,"href":"https:\/\/ripossiens.fr\/index.php\/wp-json\/wp\/v2\/users\/1"}],"replies":[{"embeddable":true,"href":"https:\/\/ripossiens.fr\/index.php\/wp-json\/wp\/v2\/comments?post=651"}],"version-history":[{"count":26,"href":"https:\/\/ripossiens.fr\/index.php\/wp-json\/wp\/v2\/pages\/651\/revisions"}],"predecessor-version":[{"id":3214,"href":"https:\/\/ripossiens.fr\/index.php\/wp-json\/wp\/v2\/pages\/651\/revisions\/3214"}],"wp:attachment":[{"href":"https:\/\/ripossiens.fr\/index.php\/wp-json\/wp\/v2\/media?parent=651"}],"curies":[{"name":"wp","href":"https:\/\/api.w.org\/{rel}","templated":true}]}}